{"id":19923,"date":"2022-03-07T10:22:34","date_gmt":"2022-03-07T09:22:34","guid":{"rendered":"https:\/\/suedafrika-weinevents.de\/?page_id=19923"},"modified":"2022-03-07T10:23:07","modified_gmt":"2022-03-07T09:23:07","slug":"impressum","status":"publish","type":"page","link":"https:\/\/suedafrika-weinevents.de\/index.php\/impressum\/","title":{"rendered":"Impressum"},"content":{"rendered":"<div class=\"fusion-fullwidth fullwidth-box fusion-builder-row-1 fusion-flex-container nonhundred-percent-fullwidth non-hundred-percent-height-scrolling\" style=\"--awb-border-radius-top-left:0px;--awb-border-radius-top-right:0px;--awb-border-radius-bottom-right:0px;--awb-border-radius-bottom-left:0px;--awb-flex-wrap:wrap;\" ><div class=\"fusion-builder-row fusion-row fusion-flex-align-items-flex-start fusion-flex-content-wrap\" style=\"max-width:1289.6px;margin-left: calc(-4% \/ 2 );margin-right: calc(-4% \/ 2 );\"><div class=\"fusion-layout-column fusion_builder_column fusion-builder-column-0 fusion_builder_column_1_1 1_1 fusion-flex-column\" style=\"--awb-bg-size:cover;--awb-width-large:100%;--awb-margin-top-large:0px;--awb-spacing-right-large:1.92%;--awb-margin-bottom-large:20px;--awb-spacing-left-large:1.92%;--awb-width-medium:100%;--awb-order-medium:0;--awb-spacing-right-medium:1.92%;--awb-spacing-left-medium:1.92%;--awb-width-small:100%;--awb-order-small:0;--awb-spacing-right-small:1.92%;--awb-spacing-left-small:1.92%;\"><div class=\"fusion-column-wrapper fusion-column-has-shadow fusion-flex-justify-content-flex-start fusion-content-layout-column\"><div class=\"fusion-text fusion-text-1\" style=\"--awb-text-transform:none;\"><p><strong>IMPRESSUM: <\/strong><\/p>\n<p>Angaben gem\u00e4\u00df \u00a7 5 TMG:<\/p>\n<table>\n<tbody>\n<tr>\n<td><\/td>\n<td>Cor Dare GmbH<\/td>\n<\/tr>\n<tr>\n<td><\/td>\n<td>Kapuzinerstra\u00dfe 3<\/td>\n<\/tr>\n<tr>\n<td><\/td>\n<td>76530 Baden-Baden<\/td>\n<\/tr>\n<\/tbody>\n<\/table>\n<p><strong>Gesch\u00e4ftsf\u00fchrerin:<\/strong> Petra Mayer<\/p>\n<\/div><div class=\"fusion-text fusion-text-2\" style=\"--awb-text-transform:none;\"><h5>Kontakt:<\/h5>\n<table>\n<tbody>\n<tr>\n<td>Telefon:<\/td>\n<td>+49 (0) 7221 408 33 00<\/td>\n<\/tr>\n<tr>\n<td>Telefax:<\/td>\n<td>+49 (0) 7221 408 33 09<\/td>\n<\/tr>\n<tr>\n<td>E-Mail:<\/td>\n<td>\u00a0information(at)cordare.gmbh<\/td>\n<\/tr>\n<\/tbody>\n<\/table>\n<h3><\/h3>\n<\/div><div class=\"fusion-text fusion-text-3\" style=\"--awb-text-transform:none;\"><h5>Registereintrag:<\/h5>\n<p>Cor Dare GmbH,\u00a0Kapuzinerstra\u00dfe 3, 76530 Baden-Baden,\u00a0HRB 738652, Amtsgericht Mannheim<\/p>\n<\/div><div class=\"fusion-text fusion-text-4\" style=\"--awb-text-transform:none;\"><h5>Umsatzsteuer-ID:<\/h5>\n<p>Umsatzsteuer-Identifikationsnummer gem\u00e4\u00df \u00a727 a Umsatzsteuergesetz:\u00a0DE 339918180<\/p>\n<\/div><div class=\"fusion-text fusion-text-5\" style=\"--awb-text-transform:none;\"><h5>Verantwortlich f\u00fcr den Inhalt nach \u00a7 55 Abs. 2 RStV:<\/h5>\n<p>Petra Mayer<\/p>\n<\/div><div class=\"fusion-text fusion-text-6\" style=\"--awb-text-transform:none;\"><h5>Ab Achtzehn:<\/h5>\n<p>Dieses Webangebot richtet sich ausschlie\u00dflich und ausdr\u00fccklich nur an vollj\u00e4hrige Leser, also \u00fcber 18-J\u00e4hrige. Es enth\u00e4lt Inhalte, die gegebenenfalls mit alkoholischen Getr\u00e4nken in Verbindung stehen. Wir fordern alle unsere Leser zum vern\u00fcnftigen Umgang mit Alkohol und zur Beachtung der Jugendschutzsvorschriften auf \u2013 kein Alkohol an Minderj\u00e4hrige!<\/p>\n<\/div><div class=\"fusion-text fusion-text-7\" style=\"--awb-text-transform:none;\"><h5>Allgemeiner Rechtshinweis:<\/h5>\n<p>Cor Dare GmbH\/S\u00fcdafrika Weininformation pr\u00fcft und aktualisiert die Informationen auf dieser Website st\u00e4ndig. Trotz aller Sorgfalt k\u00f6nnen sich die Daten inzwischen ver\u00e4ndert haben. Eine Haftung oder Garantie f\u00fcr die Aktualit\u00e4t, Richtigkeit und Vollst\u00e4ndigkeit der zur Verf\u00fcgung gestellten Informationen kann daher nicht \u00fcbernommen werden. Gleiches gilt auch f\u00fcr alle anderen Websites, auf die mittels Hyperlink verwiesen wird. Die\u00a0Cor Dare GmbH\/S\u00fcdafrika Weininformation ist f\u00fcr den Inhalt der Websites, die aufgrund einer solchen Verbindung erreicht werden, nicht verantwortlich.<\/p>\n<h5>Haftungsausschluss:<\/h5>\n<p>Haftung f\u00fcr Inhalte<\/p>\n<p>Die Inhalte unserer Seiten wurden mit gr\u00f6\u00dfter Sorgfalt erstellt. F\u00fcr die Richtigkeit, Vollst\u00e4ndigkeit und Aktualit\u00e4t der Inhalte k\u00f6nnen wir jedoch keine Gew\u00e4hr \u00fcbernehmen. Als Diensteanbieter sind wir gem\u00e4\u00df \u00a7 7 Abs.1 TMG f\u00fcr eigene Inhalte auf diesen Seiten nach den allgemeinen Gesetzen verantwortlich. Nach \u00a7\u00a7 8 bis 10 TMG sind wir als Diensteanbieter jedoch nicht verpflichtet, \u00fcbermittelte oder gespeicherte fremde Informationen zu \u00fcberwachen oder nach Umst\u00e4nden zu forschen, die auf eine rechtswidrige T\u00e4tigkeit hinweisen. Verpflichtungen zur Entfernung oder Sperrung der Nutzung von Informationen nach den allgemeinen Gesetzen bleiben hiervon unber\u00fchrt. Eine diesbez\u00fcgliche Haftung ist jedoch erst ab dem Zeitpunkt der Kenntnis einer konkreten Rechtsverletzung m\u00f6glich. Bei Bekanntwerden von entsprechenden Rechtsverletzungen werden wir diese Inhalte umgehend entfernen.<\/p>\n<p>Haftung f\u00fcr Links<\/p>\n<p>Unser Angebot enth\u00e4lt Links zu externen Webseiten Dritter, auf deren Inhalte wir keinen Einfluss haben. Deshalb k\u00f6nnen wir f\u00fcr diese fremden Inhalte auch keine Gew\u00e4hr \u00fcbernehmen. F\u00fcr die Inhalte der verlinkten Seiten ist stets der jeweilige Anbieter oder Betreiber der Seiten verantwortlich. Die verlinkten Seiten wurden zum Zeitpunkt der Verlinkung auf m\u00f6gliche Rechtsverst\u00f6\u00dfe \u00fcberpr\u00fcft. Rechtswidrige Inhalte waren zum Zeitpunkt der Verlinkung nicht erkennbar. Eine permanente inhaltliche Kontrolle der verlinkten Seiten ist jedoch ohne konkrete Anhaltspunkte einer Rechtsverletzung nicht zumutbar. Bei Bekanntwerden von Rechtsverletzungen werden wir derartige Links umgehend entfernen.<\/p>\n<p>Urheberrecht<\/p>\n<p>Die durch die Seitenbetreiber erstellten Inhalte und Werke auf diesen Seiten unterliegen dem deutschen Urheberrecht. Die Vervielf\u00e4ltigung, Bearbeitung, Verbreitung und jede Art der Verwertung au\u00dferhalb der Grenzen des Urheberrechtes bed\u00fcrfen der schriftlichen Zustimmung des jeweiligen Autors bzw. Erstellers. Downloads und Kopien dieser Seite sind nur f\u00fcr den privaten, nicht kommerziellen Gebrauch gestattet. Soweit die Inhalte auf dieser Seite nicht vom Betreiber erstellt wurden, werden die Urheberrechte Dritter beachtet. Insbesondere werden Inhalte Dritter als solche gekennzeichnet. Sollten Sie trotzdem auf eine Urheberrechtsverletzung aufmerksam werden, bitten wir um einen entsprechenden Hinweis. Bei Bekanntwerden von Rechtsverletzungen werden wir derartige Inhalte umgehend entfernen.<\/p>\n<p>Quelle:\u00a0<i>Impressumgenerator,\u00a0<a href=\"http:\/\/www.e-recht24.de\/\" target=\"_blank\" rel=\"noopener\">http:\/\/www.e-recht24.de<\/a><\/i><\/p>\n<\/div><\/div><\/div><\/div><\/div>\n","protected":false},"excerpt":{"rendered":"","protected":false},"author":1,"featured_media":0,"parent":0,"menu_order":0,"comment_status":"closed","ping_status":"closed","template":"","meta":{"footnotes":""},"class_list":["post-19923","page","type-page","status-publish","hentry"],"_links":{"self":[{"href":"https:\/\/suedafrika-weinevents.de\/index.php\/wp-json\/wp\/v2\/pages\/19923","targetHints":{"allow":["GET"]}}],"collection":[{"href":"https:\/\/suedafrika-weinevents.de\/index.php\/wp-json\/wp\/v2\/pages"}],"about":[{"href":"https:\/\/suedafrika-weinevents.de\/index.php\/wp-json\/wp\/v2\/types\/page"}],"author":[{"embeddable":true,"href":"https:\/\/suedafrika-weinevents.de\/index.php\/wp-json\/wp\/v2\/users\/1"}],"replies":[{"embeddable":true,"href":"https:\/\/suedafrika-weinevents.de\/index.php\/wp-json\/wp\/v2\/comments?post=19923"}],"version-history":[{"count":3,"href":"https:\/\/suedafrika-weinevents.de\/index.php\/wp-json\/wp\/v2\/pages\/19923\/revisions"}],"predecessor-version":[{"id":19926,"href":"https:\/\/suedafrika-weinevents.de\/index.php\/wp-json\/wp\/v2\/pages\/19923\/revisions\/19926"}],"wp:attachment":[{"href":"https:\/\/suedafrika-weinevents.de\/index.php\/wp-json\/wp\/v2\/media?parent=19923"}],"curies":[{"name":"wp","href":"https:\/\/api.w.org\/{rel}","templated":true}]}}